{"id":7981,"date":"2024-04-09T18:01:22","date_gmt":"2024-04-09T16:01:22","guid":{"rendered":"https:\/\/www.kayo.se\/?post_type=portfolio_item&#038;p=7981"},"modified":"2024-04-09T18:03:03","modified_gmt":"2024-04-09T16:03:03","slug":"bergets-topp-den-omattliga-vagen-dramaten","status":"publish","type":"portfolio_item","link":"https:\/\/www.kayo.se\/?portfolio_item=bergets-topp-den-omattliga-vagen-dramaten","title":{"rendered":"Bergets Topp &#038; Den Om\u00e4ttliga V\u00e4gen &#8211; Dramaten"},"content":{"rendered":"\n<h1 class=\"wp-block-heading\"><\/h1>\n\n\n\n<p>Ett storslaget \u00e4ventyr av Ben Okri i regi av Josette Bushell-Mingo. <em>Bergets topp<\/em>, med John Alexander Eriksson och Kayo Shekoni i rollerna, \u00e4r ett intimt portr\u00e4tt av Martin Luther King, som utspelar sig kv\u00e4llen innan han blev m\u00f6rdad. Med teman som mod, r\u00e4ttvisa och tro st\u00e4lls fr\u00e5gor om vad vi \u00e4r villiga att offra f\u00f6r att uppn\u00e5 v\u00e5ra m\u00e5l.<\/p>\n\n\n\n<p><\/p>\n\n\n\n<figure class=\"wp-block-image size-large\"><img fetchpriority=\"high\" decoding=\"async\" width=\"1024\" height=\"683\" src=\"https:\/\/www.kayo.se\/wp-content\/uploads\/2024\/04\/BJC0131-1-1024x683.jpg\" alt=\"\" class=\"wp-image-7982\" srcset=\"https:\/\/www.kayo.se\/wp-content\/uploads\/2024\/04\/BJC0131-1-1024x683.jpg 1024w, https:\/\/www.kayo.se\/wp-content\/uploads\/2024\/04\/BJC0131-1-300x200.jpg 300w, https:\/\/www.kayo.se\/wp-content\/uploads\/2024\/04\/BJC0131-1-768x512.jpg 768w, https:\/\/www.kayo.se\/wp-content\/uploads\/2024\/04\/BJC0131-1-1536x1024.jpg 1536w, https:\/\/www.kayo.se\/wp-content\/uploads\/2024\/04\/BJC0131-1-2048x1365.jpg 2048w, https:\/\/www.kayo.se\/wp-content\/uploads\/2024\/04\/BJC0131-1-2000x1333.jpg 2000w, https:\/\/www.kayo.se\/wp-content\/uploads\/2024\/04\/BJC0131-1-1000x667.jpg 1000w, https:\/\/www.kayo.se\/wp-content\/uploads\/2024\/04\/BJC0131-1-1800x1200.jpg 1800w, https:\/\/www.kayo.se\/wp-content\/uploads\/2024\/04\/BJC0131-1-840x560.jpg 840w, https:\/\/www.kayo.se\/wp-content\/uploads\/2024\/04\/BJC0131-1-600x400.jpg 600w\" sizes=\"(max-width: 1024px) 100vw, 1024px\" \/><\/figure>\n","protected":false},"excerpt":{"rendered":"<p>Ett storslaget \u00e4ventyr av Ben Okri i regi av Josette Bushell-Mingo. Bergets topp, med John Alexander Eriksson och Kayo Shekoni i rollerna, \u00e4r ett intimt portr\u00e4tt av Martin Luther King, som utspelar sig kv\u00e4llen innan han blev m\u00f6rdad. Med teman som mod, r\u00e4ttvisa och tro st\u00e4lls fr\u00e5gor om vad vi \u00e4r villiga att offra f\u00f6r att uppn\u00e5 v\u00e5ra m\u00e5l.<\/p>\n","protected":false},"author":1,"featured_media":7982,"comment_status":"closed","ping_status":"closed","template":"","meta":{"_monsterinsights_skip_tracking":false,"_monsterinsights_sitenote_active":false,"_monsterinsights_sitenote_note":"","_monsterinsights_sitenote_category":0},"portfolio":[59],"yoast_head":"<!-- This site is optimized with the Yoast SEO plugin v22.9 - https:\/\/yoast.com\/wordpress\/plugins\/seo\/ -->\n<title>Bergets Topp &amp; Den Om\u00e4ttliga V\u00e4gen - Dramaten - KAYO<\/title>\n<meta name=\"robots\" content=\"index, follow, max-snippet:-1, max-image-preview:large, max-video-preview:-1\" \/>\n<link rel=\"canonical\" href=\"https:\/\/www.kayo.se\/?portfolio_item=bergets-topp-den-omattliga-vagen-dramaten\" \/>\n<meta property=\"og:locale\" content=\"sv_SE\" \/>\n<meta property=\"og:type\" content=\"article\" \/>\n<meta property=\"og:title\" content=\"Bergets Topp &amp; Den Om\u00e4ttliga V\u00e4gen - Dramaten - KAYO\" \/>\n<meta property=\"og:description\" content=\"Ett storslaget \u00e4ventyr av Ben Okri i regi av Josette Bushell-Mingo. Bergets topp, med John Alexander Eriksson och Kayo Shekoni i rollerna, \u00e4r ett intimt portr\u00e4tt av Martin Luther King, som utspelar sig kv\u00e4llen innan han blev m\u00f6rdad. Med teman som mod, r\u00e4ttvisa och tro st\u00e4lls fr\u00e5gor om vad vi \u00e4r villiga att offra f\u00f6r att uppn\u00e5 v\u00e5ra m\u00e5l.\" \/>\n<meta property=\"og:url\" content=\"https:\/\/www.kayo.se\/?portfolio_item=bergets-topp-den-omattliga-vagen-dramaten\" \/>\n<meta property=\"og:site_name\" content=\"KAYO\" \/>\n<meta property=\"article:modified_time\" content=\"2024-04-09T16:03:03+00:00\" \/>\n<meta property=\"og:image\" content=\"https:\/\/www.kayo.se\/wp-content\/uploads\/2024\/04\/BJC0131-1-scaled.jpg\" \/>\n\t<meta property=\"og:image:width\" content=\"2560\" \/>\n\t<meta property=\"og:image:height\" content=\"1707\" \/>\n\t<meta property=\"og:image:type\" content=\"image\/jpeg\" \/>\n<meta name=\"twitter:card\" content=\"summary_large_image\" \/>\n<meta name=\"twitter:label1\" content=\"Ber\u00e4knad l\u00e4stid\" \/>\n\t<meta name=\"twitter:data1\" content=\"1 minut\" \/>\n<script type=\"application\/ld+json\" class=\"yoast-schema-graph\">{\"@context\":\"https:\/\/schema.org\",\"@graph\":[{\"@type\":\"WebPage\",\"@id\":\"https:\/\/www.kayo.se\/?portfolio_item=bergets-topp-den-omattliga-vagen-dramaten\",\"url\":\"https:\/\/www.kayo.se\/?portfolio_item=bergets-topp-den-omattliga-vagen-dramaten\",\"name\":\"Bergets Topp & Den Om\u00e4ttliga V\u00e4gen - Dramaten - KAYO\",\"isPartOf\":{\"@id\":\"https:\/\/www.kayo.se\/#website\"},\"primaryImageOfPage\":{\"@id\":\"https:\/\/www.kayo.se\/?portfolio_item=bergets-topp-den-omattliga-vagen-dramaten#primaryimage\"},\"image\":{\"@id\":\"https:\/\/www.kayo.se\/?portfolio_item=bergets-topp-den-omattliga-vagen-dramaten#primaryimage\"},\"thumbnailUrl\":\"https:\/\/www.kayo.se\/wp-content\/uploads\/2024\/04\/BJC0131-1-scaled.jpg\",\"datePublished\":\"2024-04-09T16:01:22+00:00\",\"dateModified\":\"2024-04-09T16:03:03+00:00\",\"breadcrumb\":{\"@id\":\"https:\/\/www.kayo.se\/?portfolio_item=bergets-topp-den-omattliga-vagen-dramaten#breadcrumb\"},\"inLanguage\":\"sv-SE\",\"potentialAction\":[{\"@type\":\"ReadAction\",\"target\":[\"https:\/\/www.kayo.se\/?portfolio_item=bergets-topp-den-omattliga-vagen-dramaten\"]}]},{\"@type\":\"ImageObject\",\"inLanguage\":\"sv-SE\",\"@id\":\"https:\/\/www.kayo.se\/?portfolio_item=bergets-topp-den-omattliga-vagen-dramaten#primaryimage\",\"url\":\"https:\/\/www.kayo.se\/wp-content\/uploads\/2024\/04\/BJC0131-1-scaled.jpg\",\"contentUrl\":\"https:\/\/www.kayo.se\/wp-content\/uploads\/2024\/04\/BJC0131-1-scaled.jpg\",\"width\":2560,\"height\":1707},{\"@type\":\"BreadcrumbList\",\"@id\":\"https:\/\/www.kayo.se\/?portfolio_item=bergets-topp-den-omattliga-vagen-dramaten#breadcrumb\",\"itemListElement\":[{\"@type\":\"ListItem\",\"position\":1,\"name\":\"Home\",\"item\":\"https:\/\/www.kayo.se\/\"},{\"@type\":\"ListItem\",\"position\":2,\"name\":\"Bergets Topp &#038; Den Om\u00e4ttliga V\u00e4gen &#8211; Dramaten\"}]},{\"@type\":\"WebSite\",\"@id\":\"https:\/\/www.kayo.se\/#website\",\"url\":\"https:\/\/www.kayo.se\/\",\"name\":\"KAYO\",\"description\":\"\",\"publisher\":{\"@id\":\"https:\/\/www.kayo.se\/#organization\"},\"potentialAction\":[{\"@type\":\"SearchAction\",\"target\":{\"@type\":\"EntryPoint\",\"urlTemplate\":\"https:\/\/www.kayo.se\/?s={search_term_string}\"},\"query-input\":\"required name=search_term_string\"}],\"inLanguage\":\"sv-SE\"},{\"@type\":\"Organization\",\"@id\":\"https:\/\/www.kayo.se\/#organization\",\"name\":\"KAYO\",\"url\":\"https:\/\/www.kayo.se\/\",\"logo\":{\"@type\":\"ImageObject\",\"inLanguage\":\"sv-SE\",\"@id\":\"https:\/\/www.kayo.se\/#\/schema\/logo\/image\/\",\"url\":\"https:\/\/www.kayo.se\/wp-content\/uploads\/2015\/01\/Kayo_new-e1719427323246.png\",\"contentUrl\":\"https:\/\/www.kayo.se\/wp-content\/uploads\/2015\/01\/Kayo_new-e1719427323246.png\",\"width\":530,\"height\":211,\"caption\":\"KAYO\"},\"image\":{\"@id\":\"https:\/\/www.kayo.se\/#\/schema\/logo\/image\/\"}}]}<\/script>\n<!-- \/ Yoast SEO plugin. -->","yoast_head_json":{"title":"Bergets Topp & Den Om\u00e4ttliga V\u00e4gen - Dramaten - KAYO","robots":{"index":"index","follow":"follow","max-snippet":"max-snippet:-1","max-image-preview":"max-image-preview:large","max-video-preview":"max-video-preview:-1"},"canonical":"https:\/\/www.kayo.se\/?portfolio_item=bergets-topp-den-omattliga-vagen-dramaten","og_locale":"sv_SE","og_type":"article","og_title":"Bergets Topp & Den Om\u00e4ttliga V\u00e4gen - Dramaten - KAYO","og_description":"Ett storslaget \u00e4ventyr av Ben Okri i regi av Josette Bushell-Mingo. Bergets topp, med John Alexander Eriksson och Kayo Shekoni i rollerna, \u00e4r ett intimt portr\u00e4tt av Martin Luther King, som utspelar sig kv\u00e4llen innan han blev m\u00f6rdad. Med teman som mod, r\u00e4ttvisa och tro st\u00e4lls fr\u00e5gor om vad vi \u00e4r villiga att offra f\u00f6r att uppn\u00e5 v\u00e5ra m\u00e5l.","og_url":"https:\/\/www.kayo.se\/?portfolio_item=bergets-topp-den-omattliga-vagen-dramaten","og_site_name":"KAYO","article_modified_time":"2024-04-09T16:03:03+00:00","og_image":[{"width":2560,"height":1707,"url":"https:\/\/www.kayo.se\/wp-content\/uploads\/2024\/04\/BJC0131-1-scaled.jpg","type":"image\/jpeg"}],"twitter_card":"summary_large_image","twitter_misc":{"Ber\u00e4knad l\u00e4stid":"1 minut"},"schema":{"@context":"https:\/\/schema.org","@graph":[{"@type":"WebPage","@id":"https:\/\/www.kayo.se\/?portfolio_item=bergets-topp-den-omattliga-vagen-dramaten","url":"https:\/\/www.kayo.se\/?portfolio_item=bergets-topp-den-omattliga-vagen-dramaten","name":"Bergets Topp & Den Om\u00e4ttliga V\u00e4gen - Dramaten - KAYO","isPartOf":{"@id":"https:\/\/www.kayo.se\/#website"},"primaryImageOfPage":{"@id":"https:\/\/www.kayo.se\/?portfolio_item=bergets-topp-den-omattliga-vagen-dramaten#primaryimage"},"image":{"@id":"https:\/\/www.kayo.se\/?portfolio_item=bergets-topp-den-omattliga-vagen-dramaten#primaryimage"},"thumbnailUrl":"https:\/\/www.kayo.se\/wp-content\/uploads\/2024\/04\/BJC0131-1-scaled.jpg","datePublished":"2024-04-09T16:01:22+00:00","dateModified":"2024-04-09T16:03:03+00:00","breadcrumb":{"@id":"https:\/\/www.kayo.se\/?portfolio_item=bergets-topp-den-omattliga-vagen-dramaten#breadcrumb"},"inLanguage":"sv-SE","potentialAction":[{"@type":"ReadAction","target":["https:\/\/www.kayo.se\/?portfolio_item=bergets-topp-den-omattliga-vagen-dramaten"]}]},{"@type":"ImageObject","inLanguage":"sv-SE","@id":"https:\/\/www.kayo.se\/?portfolio_item=bergets-topp-den-omattliga-vagen-dramaten#primaryimage","url":"https:\/\/www.kayo.se\/wp-content\/uploads\/2024\/04\/BJC0131-1-scaled.jpg","contentUrl":"https:\/\/www.kayo.se\/wp-content\/uploads\/2024\/04\/BJC0131-1-scaled.jpg","width":2560,"height":1707},{"@type":"BreadcrumbList","@id":"https:\/\/www.kayo.se\/?portfolio_item=bergets-topp-den-omattliga-vagen-dramaten#breadcrumb","itemListElement":[{"@type":"ListItem","position":1,"name":"Home","item":"https:\/\/www.kayo.se\/"},{"@type":"ListItem","position":2,"name":"Bergets Topp &#038; Den Om\u00e4ttliga V\u00e4gen &#8211; Dramaten"}]},{"@type":"WebSite","@id":"https:\/\/www.kayo.se\/#website","url":"https:\/\/www.kayo.se\/","name":"KAYO","description":"","publisher":{"@id":"https:\/\/www.kayo.se\/#organization"},"potentialAction":[{"@type":"SearchAction","target":{"@type":"EntryPoint","urlTemplate":"https:\/\/www.kayo.se\/?s={search_term_string}"},"query-input":"required name=search_term_string"}],"inLanguage":"sv-SE"},{"@type":"Organization","@id":"https:\/\/www.kayo.se\/#organization","name":"KAYO","url":"https:\/\/www.kayo.se\/","logo":{"@type":"ImageObject","inLanguage":"sv-SE","@id":"https:\/\/www.kayo.se\/#\/schema\/logo\/image\/","url":"https:\/\/www.kayo.se\/wp-content\/uploads\/2015\/01\/Kayo_new-e1719427323246.png","contentUrl":"https:\/\/www.kayo.se\/wp-content\/uploads\/2015\/01\/Kayo_new-e1719427323246.png","width":530,"height":211,"caption":"KAYO"},"image":{"@id":"https:\/\/www.kayo.se\/#\/schema\/logo\/image\/"}}]}},"_links":{"self":[{"href":"https:\/\/www.kayo.se\/index.php?rest_route=\/wp\/v2\/portfolio_item\/7981"}],"collection":[{"href":"https:\/\/www.kayo.se\/index.php?rest_route=\/wp\/v2\/portfolio_item"}],"about":[{"href":"https:\/\/www.kayo.se\/index.php?rest_route=\/wp\/v2\/types\/portfolio_item"}],"author":[{"embeddable":true,"href":"https:\/\/www.kayo.se\/index.php?rest_route=\/wp\/v2\/users\/1"}],"replies":[{"embeddable":true,"href":"https:\/\/www.kayo.se\/index.php?rest_route=%2Fwp%2Fv2%2Fcomments&post=7981"}],"wp:featuredmedia":[{"embeddable":true,"href":"https:\/\/www.kayo.se\/index.php?rest_route=\/wp\/v2\/media\/7982"}],"wp:attachment":[{"href":"https:\/\/www.kayo.se\/index.php?rest_route=%2Fwp%2Fv2%2Fmedia&parent=7981"}],"wp:term":[{"taxonomy":"portfolio","embeddable":true,"href":"https:\/\/www.kayo.se\/index.php?rest_route=%2Fwp%2Fv2%2Fportfolio&post=7981"}],"curies":[{"name":"wp","href":"https:\/\/api.w.org\/{rel}","templated":true}]}}